{"id":2610,"date":"2017-01-13T01:00:07","date_gmt":"2017-01-13T00:00:07","guid":{"rendered":"http:\/\/www.residenzasanrocco.it\/de\/?page_id=2610"},"modified":"2025-03-13T12:18:16","modified_gmt":"2025-03-13T11:18:16","slug":"stivo-apartment","status":"publish","type":"page","link":"https:\/\/www.residenzasanrocco.it\/de\/stivo-apartment\/","title":{"rendered":"STIVO"},"content":{"rendered":"<div class=\"wpb-content-wrapper\"><p>[vc_row no_bottom_margin=&#8220;yes&#8220;][vc_column]\n\t\t\t<!-- START stivook REVOLUTION SLIDER 6.6.20 --><p class=\"rs-p-wp-fix\"><\/p>\n\t\t\t<rs-module-wrap id=\"rev_slider_11_1_wrapper\" data-source=\"gallery\" style=\"visibility:hidden;background:transparent;padding:0;margin:0px auto;margin-top:0;margin-bottom:0;\">\n\t\t\t\t<rs-module id=\"rev_slider_11_1\" style=\"\" data-version=\"6.6.20\">\n\t\t\t\t\t<rs-slides style=\"overflow: hidden; position: absolute;\">\n\t\t\t\t\t\t<rs-slide style=\"position: absolute;\" data-key=\"rs-29\" data-title=\"Slide\" data-anim=\"adpr:false;\">\n\t\t\t\t\t\t\t<img decoding=\"async\" src=\"\/\/www.residenzasanrocco.it\/wp-content\/plugins\/revslider-6.6.20\/public\/assets\/assets\/dummy.png\" alt=\"\" title=\"STIVO\" class=\"rev-slidebg tp-rs-img rs-lazyload\" data-lazyload=\"\/\/www.residenzasanrocco.it\/wp-content\/uploads\/2018\/12\/apartment-stivo-residenza-san-rocco-arco.jpg\" data-parallax=\"off\" data-no-retina>\n<!--\n\t\t\t\t\t\t\t--><rs-layer\n\t\t\t\t\t\t\t\tid=\"slider-11-slide-29-layer-2\" \n\t\t\t\t\t\t\t\tdata-type=\"text\"\n\t\t\t\t\t\t\t\tdata-color=\"#666666\"\n\t\t\t\t\t\t\t\tdata-rsp_ch=\"on\"\n\t\t\t\t\t\t\t\tdata-xy=\"x:c;y:m;\"\n\t\t\t\t\t\t\t\tdata-text=\"s:40;l:20;\"\n\t\t\t\t\t\t\t\tdata-frame_0=\"tp:600;\"\n\t\t\t\t\t\t\t\tdata-frame_1=\"tp:600;e:power2.inOut;st:500;sR:500;\"\n\t\t\t\t\t\t\t\tdata-frame_999=\"o:0;tp:600;e:nothing;st:w;sR:8200;\"\n\t\t\t\t\t\t\t\tstyle=\"z-index:5;font-family:'';\"\n\t\t\t\t\t\t\t>STIVO \n\t\t\t\t\t\t\t<\/rs-layer><!--\n-->\t\t\t\t\t\t<\/rs-slide>\n\t\t\t\t\t<\/rs-slides>\n\t\t\t\t\t<rs-static-layers><!--\n\n\t\t\t\t\t\t\t--><rs-layer\n\t\t\t\t\t\t\t\tid=\"slider-11-slide-10-layer-2\" \n\t\t\t\t\t\t\t\tclass=\"rs-layer-static\"\n\t\t\t\t\t\t\t\tdata-type=\"text\"\n\t\t\t\t\t\t\t\tdata-color=\"rgba(255,255,255,1)\"\n\t\t\t\t\t\t\t\tdata-rsp_ch=\"on\"\n\t\t\t\t\t\t\t\tdata-xy=\"x:c;y:m;yo:199px;\"\n\t\t\t\t\t\t\t\tdata-text=\"l:22;\"\n\t\t\t\t\t\t\t\tdata-dim=\"w:11px;h:11px;\"\n\t\t\t\t\t\t\t\tdata-actions='o:click;a:scrollbelow;sp:300;e:none;'\n\t\t\t\t\t\t\t\tdata-onslides=\"s:1;\"\n\t\t\t\t\t\t\t\tdata-frame_0=\"tp:600;\"\n\t\t\t\t\t\t\t\tdata-frame_1=\"tp:600;e:power2.inOut;st:500;sR:500;\"\n\t\t\t\t\t\t\t\tdata-frame_999=\"o:0;tp:600;e:nothing;st:w;sR:8200;\"\n\t\t\t\t\t\t\t\tstyle=\"z-index:6;font-family:'';\"\n\t\t\t\t\t\t\t><div class=\"mouse\" style=\"transition: none; text-align: left; line-height: 14px; border-width: 1px; margin: 0px; padding: 0px; letter-spacing: 0px; font-weight: 300; font-size: 11px;\"><\/div> \n\t\t\t\t\t\t\t<\/rs-layer><!--\n\t\t\t\t\t--><\/rs-static-layers>\n\t\t\t\t<\/rs-module>\n\t\t\t\t<script>\n\t\t\t\t\tsetREVStartSize({c: 'rev_slider_11_1',rl:[1240,1240,778,778],el:[],gw:[1240,1240,778,778],gh:[500,500,860,860],type:'standard',justify:'',layout:'fullwidth',mh:\"0\"});if (window.RS_MODULES!==undefined && window.RS_MODULES.modules!==undefined && window.RS_MODULES.modules[\"revslider111\"]!==undefined) {window.RS_MODULES.modules[\"revslider111\"].once = false;window.revapi11 = undefined;if (window.RS_MODULES.checkMinimal!==undefined) window.RS_MODULES.checkMinimal()}\n\t\t\t\t<\/script>\n\t\t\t<\/rs-module-wrap>\n\t\t\t<!-- END REVOLUTION SLIDER -->\n[\/vc_column][\/vc_row][vc_row full_width=&#8220;stretch_row_content_no_spaces&#8220;][vc_column width=&#8220;1\/2&#8243;][vc_column_text]<div class=\"camelia-bar\"><\/div><br \/>\n[\/vc_column_text][\/vc_column][vc_column width=&#8220;1\/2&#8243;][\/vc_column][\/vc_row][vc_row el_class=&#8220;appartamento-testo-row&#8220;][vc_column][vc_empty_space][vc_column_text]<\/p>\n<h1 class=\"grey\" style=\"text-align: center;\">RESIDENZA SAN ROCCO<\/h1>\n<h2 class=\"camelia\" style=\"text-align: center;\"><span style=\"color: #ed3e00;\">STIVO APARTMENT<\/span><\/h2>\n<p>&nbsp;<\/p>\n<p dir=\"ltr\"><span title=\"\">Das Appartamento Stivoist im 2. Stock und ist klimatisiert und beheizt.<\/span>\u00a0<span title=\"\">Sie finden ein gro\u00dfes Wohnzimmer mit K\u00fcchenzeile mit Geschirr, K\u00fchlschrank mit Gefrierfach, Backofen, Induktionskochfeld und Geschirrsp\u00fcler.<\/span>\u00a0<span title=\"\">Es gibt auch ein Sofa, einen Safe, Sat-TV, kostenfreies WLAN und ein gro\u00dfes Fenster mit Zugang zum Balkon<\/span>.\u00a0<span title=\"\">Von diesem Balkon aus k\u00f6nnen Sie den Berg Stivo sehen.<\/span><span title=\"\">\u00a0Das erste Schlafzimmer hat ein Doppelbett und ein Zustellbett f\u00fcr 1 Kind, es gibt auch ein Badezimmer mit WC, Bidet und einer gro\u00dfen Dusche.\u00a0<\/span><\/p>\n<p dir=\"ltr\"><span title=\"\">Das zweite Schlafzimmer befindet sich in einem Zwischengeschoss, das \u00fcber eine Treppe zug\u00e4nglich ist, und verf\u00fcgt \u00fcber 2 Einzelbetten und ein Schlafsofa.<\/span><\/p>\n<p>[\/vc_column_text][vc_empty_space][\/vc_column][\/vc_row][vc_row][vc_column][vc_custom_heading text=&#8220;Photo Gallery&#8220; font_container=&#8220;tag:h1|font_size:26|text_align:center|color:%23ed3e00&#8243; google_fonts=&#8220;font_family:Lato%3A100%2C100italic%2C300%2C300italic%2Cregular%2Citalic%2C700%2C700italic%2C900%2C900italic|font_style:400%20regular%3A400%3Anormal&#8220; css=&#8220;.vc_custom_1545439944351{padding-bottom: 10px !important;}&#8220;][vc_masonry_media_grid style=&#8220;load-more&#8220; items_per_page=&#8220;6&#8243; item=&#8220;mediaGrid_FadeInWithIcon&#8220; css=&#8220;&#8220; btn_title=&#8220;+ PHOTO&#8220; btn_style=&#8220;custom&#8220; btn_custom_background=&#8220;#ed3e00&#8243; btn_custom_text=&#8220;#ffffff&#8220; btn_shape=&#8220;square&#8220; btn_i_icon_fontawesome=&#8220;fa fa-camera&#8220; btn_add_icon=&#8220;true&#8220; grid_id=&#8220;vc_gid:1741864673891-66db84f0-fbb4-5&#8243; include=&#8220;2944,2948,2949,2945,2946,2947&#8243;][\/vc_column][\/vc_row][vc_row][vc_column][vc_custom_heading text=&#8220;Im Preis sind enthalten&#8220; font_container=&#8220;tag:h1|font_size:26|text_align:center|color:%23ed3e00&#8243; google_fonts=&#8220;font_family:Lato%3A100%2C100italic%2C300%2C300italic%2Cregular%2Citalic%2C700%2C700italic%2C900%2C900italic|font_style:400%20regular%3A400%3Anormal&#8220; css=&#8220;.vc_custom_1545439953283{padding-bottom: 10px !important;}&#8220;][vc_column_text]Klimaanlage und Heizung ausgestattet, K\u00fchlschrank mit Gefrierfach, Backofen,\u00a0<span title=\"\">Induktionskochfeld und Geschirrsp\u00fcler<\/span>,<span title=\"\">Safe, Sat-TV, kostenfreies WLAN<\/span>. Bettw\u00e4sche und Handt\u00fccher sind inklusive.[\/vc_column_text][\/vc_column][\/vc_row][vc_row full_width=&#8220;stretch_row&#8220; no_bottom_margin=&#8220;yes&#8220; css=&#8220;.vc_custom_1481904202965{margin-bottom: 0px !important;border-bottom-width: 0px !important;padding-top: 20px !important;padding-bottom: 0px !important;background-color: #f1f1f1 !important;}&#8220;][vc_column][vc_custom_heading text=&#8220;Lage&#8220; font_container=&#8220;tag:h1|font_size:26|text_align:center|color:%23ed3e00&#8243; google_fonts=&#8220;font_family:Lato%3A100%2C100italic%2C300%2C300italic%2Cregular%2Citalic%2C700%2C700italic%2C900%2C900italic|font_style:400%20regular%3A400%3Anormal&#8220; css=&#8220;.vc_custom_1545439965129{padding-bottom: 10px !important;}&#8220;][vc_column_text]<\/p>\n<p align=\"center\">Die Residenza San Rocco liegt 5 Gehminuten vom Zentrum von Arco und nur 5 km vom Gardasee entfernt.<\/p>\n<p>[\/vc_column_text]<a target=\"_blank\" href=\"https:\/\/goo.gl\/maps\/Bpprk176y992\"><img decoding=\"async\" class=\"map\" src=\"https:\/\/www.residenzasanrocco.it\/wp-content\/themes\/sanrocco\/images\/residenza-san-rocco-arco-mappa.jpg\"><\/a>[vc_column_text]<\/p>\n<p style=\"text-align: center;\"><a class=\"bottone-raggiungici\" target=\"_blank\" href=\"https:\/\/goo.gl\/maps\/Bpprk176y992\">Komm Zu Uns<\/a><\/p>\n<p>[\/vc_column_text][\/vc_column][\/vc_row]<\/p>\n<\/div>","protected":false},"excerpt":{"rendered":"<p>[vc_row no_bottom_margin=&#8220;yes&#8220;][vc_column][\/vc_column][\/vc_row][vc_row full_width=&#8220;stretch_row_content_no_spaces&#8220;][vc_column width=&#8220;1\/2&#8243;][vc_column_text] [\/vc_column_text][\/vc_column][vc_column width=&#8220;1\/2&#8243;][\/vc_column][\/vc_row][vc_row el_class=&#8220;appartamento-testo-row&#8220;][vc_column][vc_empty_space][vc_column_text] RESIDENZA SAN ROCCO STIVO APARTMENT &nbsp; Das Appartamento Stivoist im 2. Stock und ist klimatisiert und beheizt.\u00a0Sie finden ein gro\u00dfes Wohnzimmer mit K\u00fcchenzeile mit Geschirr, K\u00fchlschrank mit Gefrierfach, Backofen, Induktionskochfeld und Geschirrsp\u00fcler.\u00a0Es gibt auch ein Sofa, einen Safe, Sat-TV, kostenfreies WLAN und ein gro\u00dfes Fenster mit Zugang zum&hellip;<\/p>\n","protected":false},"author":1,"featured_media":0,"parent":0,"menu_order":4,"comment_status":"closed","ping_status":"closed","template":"","meta":{"_acf_changed":false,"_monsterinsights_skip_tracking":false,"_monsterinsights_sitenote_active":false,"_monsterinsights_sitenote_note":"","_monsterinsights_sitenote_category":0,"footnotes":""},"class_list":["post-2610","page","type-page","status-publish","hentry"],"acf":[],"_links":{"self":[{"href":"https:\/\/www.residenzasanrocco.it\/de\/wp-json\/wp\/v2\/pages\/2610","targetHints":{"allow":["GET"]}}],"collection":[{"href":"https:\/\/www.residenzasanrocco.it\/de\/wp-json\/wp\/v2\/pages"}],"about":[{"href":"https:\/\/www.residenzasanrocco.it\/de\/wp-json\/wp\/v2\/types\/page"}],"author":[{"embeddable":true,"href":"https:\/\/www.residenzasanrocco.it\/de\/wp-json\/wp\/v2\/users\/1"}],"replies":[{"embeddable":true,"href":"https:\/\/www.residenzasanrocco.it\/de\/wp-json\/wp\/v2\/comments?post=2610"}],"version-history":[{"count":14,"href":"https:\/\/www.residenzasanrocco.it\/de\/wp-json\/wp\/v2\/pages\/2610\/revisions"}],"predecessor-version":[{"id":3267,"href":"https:\/\/www.residenzasanrocco.it\/de\/wp-json\/wp\/v2\/pages\/2610\/revisions\/3267"}],"wp:attachment":[{"href":"https:\/\/www.residenzasanrocco.it\/de\/wp-json\/wp\/v2\/media?parent=2610"}],"curies":[{"name":"wp","href":"https:\/\/api.w.org\/{rel}","templated":true}]}}