{"id":2616,"date":"2017-01-13T01:16:41","date_gmt":"2017-01-13T00:16:41","guid":{"rendered":"http:\/\/www.residenzasanrocco.it\/de\/?page_id=2616"},"modified":"2019-01-08T01:42:50","modified_gmt":"2019-01-08T00:42:50","slug":"lage","status":"publish","type":"page","link":"https:\/\/www.residenzasanrocco.it\/de\/lage\/","title":{"rendered":"Lage"},"content":{"rendered":"<div class=\"wpb-content-wrapper\"><p>[vc_row no_bottom_margin=&#8220;yes&#8220;][vc_column]\n\t\t\t<!-- START dovesiamo REVOLUTION SLIDER 6.6.20 --><p class=\"rs-p-wp-fix\"><\/p>\n\t\t\t<rs-module-wrap id=\"rev_slider_7_1_wrapper\" data-source=\"gallery\" style=\"visibility:hidden;background:transparent;padding:0;margin:0px auto;margin-top:0;margin-bottom:0;\">\n\t\t\t\t<rs-module id=\"rev_slider_7_1\" style=\"\" data-version=\"6.6.20\">\n\t\t\t\t\t<rs-slides style=\"overflow: hidden; position: absolute;\">\n\t\t\t\t\t\t<rs-slide style=\"position: absolute;\" data-key=\"rs-23\" data-title=\"Slide\" data-anim=\"adpr:false;\">\n\t\t\t\t\t\t\t<img decoding=\"async\" src=\"\/\/www.residenzasanrocco.it\/wp-content\/plugins\/revslider-6.6.20\/public\/assets\/assets\/dummy.png\" alt=\"\" title=\"Lage\" class=\"rev-slidebg tp-rs-img rs-lazyload\" data-lazyload=\"\/\/www.residenzasanrocco.it\/wp-content\/uploads\/2016\/12\/residenza-klima-house-arco-gardatrentino.jpg\" data-parallax=\"off\" data-no-retina>\n<!--\n\t\t\t\t\t\t\t--><rs-layer\n\t\t\t\t\t\t\t\tid=\"slider-7-slide-23-layer-2\" \n\t\t\t\t\t\t\t\tdata-type=\"text\"\n\t\t\t\t\t\t\t\tdata-color=\"rgba(255,255,255,1)\"\n\t\t\t\t\t\t\t\tdata-rsp_ch=\"on\"\n\t\t\t\t\t\t\t\tdata-xy=\"x:c;y:m;\"\n\t\t\t\t\t\t\t\tdata-text=\"s:40;l:20;\"\n\t\t\t\t\t\t\t\tdata-frame_0=\"tp:600;\"\n\t\t\t\t\t\t\t\tdata-frame_1=\"tp:600;e:power2.inOut;st:500;\"\n\t\t\t\t\t\t\t\tdata-frame_999=\"o:0;tp:600;e:nothing;st:w;\"\n\t\t\t\t\t\t\t\tstyle=\"z-index:5;font-family:'Open Sans';\"\n\t\t\t\t\t\t\t>GARDA TRENTINO \n\t\t\t\t\t\t\t<\/rs-layer><!--\n-->\t\t\t\t\t\t<\/rs-slide>\n\t\t\t\t\t<\/rs-slides>\n\t\t\t\t\t<rs-static-layers><!--\n\n\t\t\t\t\t\t\t--><rs-layer\n\t\t\t\t\t\t\t\tid=\"slider-7-slide-6-layer-2\" \n\t\t\t\t\t\t\t\tclass=\"rs-layer-static\"\n\t\t\t\t\t\t\t\tdata-type=\"text\"\n\t\t\t\t\t\t\t\tdata-color=\"rgba(255,255,255,1)\"\n\t\t\t\t\t\t\t\tdata-rsp_ch=\"on\"\n\t\t\t\t\t\t\t\tdata-xy=\"xo:620px;yo:747px;\"\n\t\t\t\t\t\t\t\tdata-text=\"l:22;\"\n\t\t\t\t\t\t\t\tdata-actions='o:click;a:scrollbelow;sp:300;e:none;'\n\t\t\t\t\t\t\t\tdata-onslides=\"s:1;\"\n\t\t\t\t\t\t\t\tdata-frame_0=\"tp:600;\"\n\t\t\t\t\t\t\t\tdata-frame_1=\"tp:600;e:power2.inOut;st:500;\"\n\t\t\t\t\t\t\t\tdata-frame_999=\"o:0;tp:600;e:nothing;st:w;\"\n\t\t\t\t\t\t\t\tstyle=\"z-index:5;font-family:'';\"\n\t\t\t\t\t\t\t><div class=\"mouse\" style=\"transition: none; text-align: left; line-height: 14px; border-width: 1px; margin: 0px; padding: 0px; letter-spacing: 0px; font-weight: 300; font-size: 11px;\"><\/div> \n\t\t\t\t\t\t\t<\/rs-layer><!--\n\n\t\t\t\t\t\t\t--><rs-layer\n\t\t\t\t\t\t\t\tid=\"slider-7-slide-6-layer-1\" \n\t\t\t\t\t\t\t\tclass=\"scroll-down rs-layer-static\"\n\t\t\t\t\t\t\t\tdata-type=\"image\"\n\t\t\t\t\t\t\t\tdata-rsp_ch=\"on\"\n\t\t\t\t\t\t\t\tdata-xy=\"x:c;y:b;yo:10px;\"\n\t\t\t\t\t\t\t\tdata-text=\"l:22;\"\n\t\t\t\t\t\t\t\tdata-dim=\"w:['70px','70px','70px','70px'];h:['70px','70px','70px','70px'];\"\n\t\t\t\t\t\t\t\tdata-vbility=\"f,f,f,f\"\n\t\t\t\t\t\t\t\tdata-actions='o:click;a:scrollbelow;sp:300;e:none;'\n\t\t\t\t\t\t\t\tdata-onslides=\"s:1;\"\n\t\t\t\t\t\t\t\tdata-frame_0=\"tp:600;\"\n\t\t\t\t\t\t\t\tdata-frame_1=\"tp:600;e:power2.inOut;st:500;\"\n\t\t\t\t\t\t\t\tdata-frame_999=\"o:0;tp:600;e:nothing;st:8900;\"\n\t\t\t\t\t\t\t\tstyle=\"z-index:6;\"\n\t\t\t\t\t\t\t><img decoding=\"async\" src=\"\/\/www.residenzasanrocco.it\/wp-content\/plugins\/revslider-6.6.20\/public\/assets\/assets\/dummy.png\" alt=\"\" class=\"tp-rs-img rs-lazyload\" data-lazyload=\"\/\/www.residenzasanrocco.it\/wp-content\/uploads\/2016\/05\/down-chevron-1.png\" data-no-retina> \n\t\t\t\t\t\t\t<\/rs-layer><!--\n\t\t\t\t\t--><\/rs-static-layers>\n\t\t\t\t<\/rs-module>\n\t\t\t\t<script>\n\t\t\t\t\tsetREVStartSize({c: 'rev_slider_7_1',rl:[1240,1240,778,480],el:[],gw:[1240,1240,778,480],gh:[500,500,960,720],type:'standard',justify:'',layout:'fullwidth',mh:\"0\"});if (window.RS_MODULES!==undefined && window.RS_MODULES.modules!==undefined && window.RS_MODULES.modules[\"revslider71\"]!==undefined) {window.RS_MODULES.modules[\"revslider71\"].once = false;window.revapi7 = undefined;if (window.RS_MODULES.checkMinimal!==undefined) window.RS_MODULES.checkMinimal()}\n\t\t\t\t<\/script>\n\t\t\t<\/rs-module-wrap>\n\t\t\t<!-- END REVOLUTION SLIDER -->\n[\/vc_column][\/vc_row][vc_row full_width=&#8220;stretch_row_content_no_spaces&#8220;][vc_column width=&#8220;1\/2&#8243;][vc_column_text]<\/p>\n<div class=\"orchidea-bar\"><\/div>\n<p>[\/vc_column_text][\/vc_column][vc_column width=&#8220;1\/2&#8243;][\/vc_column][\/vc_row][vc_row el_class=&#8220;appartamento-testo-row&#8220;][vc_column][vc_empty_space][vc_column_text]<\/p>\n<h1 class=\"grey\">ARCO AM\u00a0GARDASEE<\/h1>\n<h2 class=\"orchidea\">WILLKOMMEN<\/h2>\n<p>[\/vc_column_text][\/vc_column][\/vc_row][vc_row][vc_column width=&#8220;1\/2&#8243;][vc_column_text]Die Stadt Arco, schon im Jahr 1872 St\u00e4dtchen f\u00fcr Kur und Klimatischen Aufenthalt, gelobt schon seit Jahrtausenden. Als Zeugen die Reste der Kelten, R\u00f6mer, Longobarden, die eindrucksvolle mittelalterliche\u00a0Burg\u00a0und viele andere Werke von gro\u00dfem artistischen Interesse. Es ist die Heimat von Nicol\u00f2 d\u2019Arco, bekannter lateinischer Poet; von Giovanni Segantini, Vater des pointillismus, von Caproni Pionier der Luftfahrt. Das Klima von Arco wurde studiert und gefordert von bekannten italienischen und ausl\u00e4ndischen Wissenschaftlern.<\/p>\n<p>Das Klima von Arco ist ideal f\u00fcr alle diejenigen, die Besserung suchen, Relax und vollkommene Entspannung. Arco ist ein \u201cTreibhaus ohne Fenster\u201d gesucht von denen die jede Art von Sport das ganze Jahr hinaus lieben. Die kulturellen Ereignisse, sportlich und mondan, fehlen nicht. Kein einziger Gast ist nach Arco gekommen, ohne vom Klima und seinem karakteristischen Bild beeinddruckt zu sein. Arco ist eine romantische Halle in einer mittell\u00e4ndlichen Insel. Die Welt von Arco ist noch von einer antiken Vornehmlichkeit umh\u00fcllt \u201cdie sch\u00f6ne Epoque\u201d die sich dem Fortschritt der Weisheit vorsichtig anpasst.<\/p>\n<p><span style=\"color: #ed3e00;\">Arco ist eine mittell\u00e4ndische Insel von gro\u00dfer klimatischer Bekanntheit.<\/span> Arco ist mikrokosmisch, eine Geschichte, eine Kultur, ein Wald von gr\u00fcnen Olivenb\u00e4umen, Parks und Garten (Arboretum des Erzherzoges) mit Villen im Liberty-Stil, einer reichen und \u00dcppigen K\u00fcche, mit geschmackvollen starken Weinen schon bevorzugt von Augusto u. Tiberio.[\/vc_column_text][\/vc_column][vc_column width=&#8220;1\/2&#8243;][vc_column_text]Arco ist eine Stadt wo die Kunst und Gastfreundschaft an h\u00f6chster Stelle steht. \u00d6kologie und sportlicher Urlaub, Ausdr\u00fccke die vor allem in den letzten Jahren an erster Stelle in unserem W\u00f6rterbuch stehen. Arco ist die Stadt die am besten die \u00c4nderungen aufnehmen konnte. <span style=\"color: #ed3e00;\">Sport Jede Sportart hat in Arco seinen optimalen Platz<\/span> (Radfahren, Fu\u00dfball, Wind-Surf, Free-climbing, Mountain bike, Motocross, Freifliegen, Segeln, Base jumping, Reiten, Tennis, Sportangeln, Zielscheiben \u00a0schiessen, Alpinismus, Canoa, Spazierg\u00e4nge, H\u00f6hlenkunde, u.s.w.) und ist der Mittelpunkt von sportlichen Ereignissen auf nationalem und internationalen Gebiet.<\/p>\n<p>Rad-Rundfahrt vom Trentiner Land f\u00fcr m\u00e4nnliche Profis, Rock Master, Fu\u00dfballtournier \u201cBeppe Viola\u201d, Bike Natur, Schachfestival, Bike Marathon, Segelwettbewerbe u.s.w.. Umgebung In der N\u00e4he von Arco kann man den Wasserfall von Varone besichtigen, den Tennosee, den Ledrosee, die Burg Toblino, die Marocche von Dro, die Riesenmarmitten, das mittelalterliche Canale von Tenno u.s.w.. Geschichte Die Umgebung von Arco ist seit man denken kann bewohnt. Man erinnert an \u201eArch\u201c im V. Jahrhundert, unter den Goten, jenes Bollwerk des Volkes: Man erinnert sich der Tribu Fabia unter den R\u00f6mern angeh\u00f6rt zu haben, ein Grabstein der in der Burg gefunden wurde, best\u00e4tigt die Genehmigung von Sesto Nigidio Primo, von der Seite der \u00a0Edili aus Brescia, zur Wiederherstellung eines Altares f\u00fcr Gott Bergimo, Gottheit verehrt von den Galli Cenomani. Zuletzt den Namen \u201eArco\u201c findet man in einem Dokument eines H\u00e4ndlers mit Datum 23 September 771 unter dem K\u00f6nig Desiderio e Adelchi.[\/vc_column_text][\/vc_column][\/vc_row][vc_row][vc_column][vc_custom_heading text=&#8220;Photo Gallery&#8220; font_container=&#8220;tag:h3|font_size:30|text_align:center|color:%23ed3e00&#8243; google_fonts=&#8220;font_family:Lato%3A100%2C100italic%2C300%2C300italic%2Cregular%2Citalic%2C700%2C700italic%2C900%2C900italic|font_style:400%20regular%3A400%3Anormal&#8220; css=&#8220;.vc_custom_1545434777387{padding-bottom: 10px !important;}&#8220;][vc_masonry_media_grid style=&#8220;load-more&#8220; items_per_page=&#8220;6&#8243; item=&#8220;2996&#8243; btn_title=&#8220;PHOTO&#8220; btn_style=&#8220;custom&#8220; btn_custom_background=&#8220;#8a9a1e&#8220; btn_custom_text=&#8220;#ffffff&#8220; btn_shape=&#8220;square&#8220; btn_i_type=&#8220;entypo&#8220; btn_i_icon_entypo=&#8220;entypo-icon entypo-icon-plus&#8220; btn_add_icon=&#8220;true&#8220; grid_id=&#8220;vc_gid:1546908042351-74656f9d-7c0e-6&#8243; include=&#8220;2543,2540,2544,2541,2545,2542&#8243;][\/vc_column][\/vc_row][vc_row full_width=&#8220;stretch_row&#8220; no_bottom_margin=&#8220;yes&#8220; css=&#8220;.vc_custom_1482331835360{margin-bottom: 0px !important;border-bottom-width: 0px !important;padding-top: 20px !important;padding-bottom: 0px !important;background-color: #f1f1f1 !important;}&#8220;][vc_column][vc_custom_heading text=&#8220;Lage&#8220; font_container=&#8220;tag:h3|font_size:30|text_align:center|color:%23ed3e00&#8243; google_fonts=&#8220;font_family:Lato%3A100%2C100italic%2C300%2C300italic%2Cregular%2Citalic%2C700%2C700italic%2C900%2C900italic|font_style:400%20regular%3A400%3Anormal&#8220; css=&#8220;.vc_custom_1545434788366{padding-bottom: 10px !important;}&#8220;][vc_column_text]<span title=\"\">Die Residenza San Rocco liegt 5 Gehminuten vom Zentrum von Arco und nur 5 km vom Gardasee entfernt.<\/span>\u00a0<span title=\"\">K\u00fcrzlich renoviert, verbindet es die W\u00e4rme der Tradition mit der Effizienz der Moderne.<br \/>\n<\/span><br \/>\n<span title=\"\">Die Residenza San Rocco ist sowohl f\u00fcr Familien als auch f\u00fcr alle Liebhaber der charakteristischen Sportarten der Region ideal.<\/span><br \/>\n<span title=\"\">Ganz in der N\u00e4he des Rock Master Stadium, zu den wundersch\u00f6nen Klippen von Arco und Dro, zum Base Jumping Brento und zu den Radwegen, die zu allen wichtigen Attraktionen des Sarca-Tals f\u00fchren, vom Gardasee zum Tenno-See und zum Monte Stivo.<\/span>[\/vc_column_text]<a target=\"_blank\" href=\"https:\/\/goo.gl\/maps\/Bpprk176y992\"><img decoding=\"async\" class=\"map\" src=\"https:\/\/www.residenzasanrocco.it\/wp-content\/themes\/sanrocco\/images\/residenza-san-rocco-arco-mappa.jpg\"><\/a>[vc_column_text]<\/p>\n<p style=\"text-align: center;\"><a class=\"bottone-raggiungici\" target=\"_blank\" href=\"https:\/\/goo.gl\/maps\/Bpprk176y992\">Komm Zu Uns<\/a><\/p>\n<p>[\/vc_column_text][\/vc_column][\/vc_row]<\/p>\n<\/div>","protected":false},"excerpt":{"rendered":"<p>[vc_row no_bottom_margin=&#8220;yes&#8220;][vc_column][\/vc_column][\/vc_row][vc_row full_width=&#8220;stretch_row_content_no_spaces&#8220;][vc_column width=&#8220;1\/2&#8243;][vc_column_text] [\/vc_column_text][\/vc_column][vc_column width=&#8220;1\/2&#8243;][\/vc_column][\/vc_row][vc_row el_class=&#8220;appartamento-testo-row&#8220;][vc_column][vc_empty_space][vc_column_text] ARCO AM\u00a0GARDASEE WILLKOMMEN [\/vc_column_text][\/vc_column][\/vc_row][vc_row][vc_column width=&#8220;1\/2&#8243;][vc_column_text]Die Stadt Arco, schon im Jahr 1872 St\u00e4dtchen f\u00fcr Kur und Klimatischen Aufenthalt, gelobt schon seit Jahrtausenden. Als Zeugen die Reste der Kelten, R\u00f6mer, Longobarden, die eindrucksvolle mittelalterliche\u00a0Burg\u00a0und viele andere Werke von gro\u00dfem artistischen Interesse. Es ist die Heimat von Nicol\u00f2 d\u2019Arco, bekannter lateinischer&hellip;<\/p>\n","protected":false},"author":1,"featured_media":0,"parent":0,"menu_order":1,"comment_status":"closed","ping_status":"closed","template":"","meta":{"_acf_changed":false,"_monsterinsights_skip_tracking":false,"_monsterinsights_sitenote_active":false,"_monsterinsights_sitenote_note":"","_monsterinsights_sitenote_category":0,"footnotes":""},"class_list":["post-2616","page","type-page","status-publish","hentry"],"acf":[],"_links":{"self":[{"href":"https:\/\/www.residenzasanrocco.it\/de\/wp-json\/wp\/v2\/pages\/2616","targetHints":{"allow":["GET"]}}],"collection":[{"href":"https:\/\/www.residenzasanrocco.it\/de\/wp-json\/wp\/v2\/pages"}],"about":[{"href":"https:\/\/www.residenzasanrocco.it\/de\/wp-json\/wp\/v2\/types\/page"}],"author":[{"embeddable":true,"href":"https:\/\/www.residenzasanrocco.it\/de\/wp-json\/wp\/v2\/users\/1"}],"replies":[{"embeddable":true,"href":"https:\/\/www.residenzasanrocco.it\/de\/wp-json\/wp\/v2\/comments?post=2616"}],"version-history":[{"count":7,"href":"https:\/\/www.residenzasanrocco.it\/de\/wp-json\/wp\/v2\/pages\/2616\/revisions"}],"predecessor-version":[{"id":3016,"href":"https:\/\/www.residenzasanrocco.it\/de\/wp-json\/wp\/v2\/pages\/2616\/revisions\/3016"}],"wp:attachment":[{"href":"https:\/\/www.residenzasanrocco.it\/de\/wp-json\/wp\/v2\/media?parent=2616"}],"curies":[{"name":"wp","href":"https:\/\/api.w.org\/{rel}","templated":true}]}}